{"id":6338,"date":"2020-08-24T14:46:40","date_gmt":"2020-08-24T12:46:40","guid":{"rendered":"https:\/\/stoa169.com\/?post_type=stoa&#038;p=6338"},"modified":"2025-08-19T12:56:36","modified_gmt":"2025-08-19T10:56:36","slug":"markus-oehlen","status":"publish","type":"stoa","link":"https:\/\/stoa169.com\/de\/stoa\/markus-oehlen\/","title":{"rendered":"Markus Oehlen"},"content":{"rendered":"\n<p>* 1956 in Krefeld, Deutschland <br>lebt in M\u00fcnchen<\/p>\n\n\n\n<p>Von 1976 bis 1983 studierte Markus Oehlen an der Staatlichen Kunstakademie D\u00fcsseldorf in der Klasse von Prof. Alfonso H\u00fcppi. Er war von 1976 bis 1979 DJ im Ratinger Hof in D\u00fcsseldorf und spielte von 1978 bis 1980 als Schlagzeuger in der von ihm mitbegr\u00fcndeten Band Mittagspause. Seit 2002 ist Oehlen Professor an der Akademie der Bildenden K\u00fcnste M\u00fcnchen.<br>In den 80er-Jahren nahm er gemeinsam mit seinem Bruder Albert Oehlen, Martin Kippenberger und Werner B\u00fcttner unter anderen an zahlreichen Gruppenausstellungen teil, darunter \u201e2. Au\u00dferordentliche Veranstaltung in Bild und Klang zum Thema der Zeit: Aktion Pisskr\u00fccke (Geheimdienst am N\u00e4chsten)\u201c, die 1980 im K\u00fcnstlerhaus Hamburg stattfand sowie die Ausstellung \u201eFinger f\u00fcr Deutschland\u201c, die 1980 im Atelier von J\u00f6rg Immendorff veranstaltet wurde. Au\u00dferdem war Oehlen in gro\u00dfen \u00dcberblicksausstellungen vertreten, dazu geh\u00f6ren Art Allemagne Aujourdhui (1981 im Mus\u00e9e de la ville de Paris); \u201eRundschau Deutschland I + II\u201c (1981 M\u00fcnchen und K\u00f6ln); \u201evon hier aus\u201c (1984 in den Messehallen D\u00fcsseldorf) sowie \u201eNeue Figuration \u2013 Deutsche Malerei 1960-88\u201c (1989 Kunstmuseum D\u00fcsseldorf und Schirn Kunsthalle, Frankfurt am Main). Seine erste Einzelausstellung mit dem Titel \u201eTelevision\u201c hatte Oehlen 1978 in Konrad Fischers Raum in D\u00fcsseldorf. In der Folge stellte er vor allem in Galerien aus, darunter regelm\u00e4\u00dfig bei Arno Kohnen in D\u00fcsseldorf, bei Max Hetzler in Stuttgart, sp\u00e4ter in K\u00f6ln, bei Reinhard Onnasch in Berlin, bei Peter Pakesch in Wien sowie bei B\u00e4rbel Gr\u00e4sslin in Frankfurt am Main. Institutionelle Einzelausstellungen hatte Oehlen unter anderem im K\u00fcnstlerhaus Hamburg (1979), im Krefelder Kunstverein (1994), im Kasseler Kunstverein (1996); in den Kunstsammlungen Chemnitz (2002; 2018) und im Museum Morsbroich, Leverkusen (2018).<\/p>\n\n\n\n<p>Zeichnung  \u00a9 Markus Oehlen<br><\/p>\n","protected":false},"excerpt":{"rendered":"<p>* 1956 in Krefeld, Deutschland lebt in M\u00fcnchen Von 1976 bis 1983 studierte Markus Oehlen an der Staatlichen Kunstakademie D\u00fcsseldorf in der Klasse von Prof. Alfonso H\u00fcppi. Er war von 1976 bis 1979 DJ im Ratinger Hof in D\u00fcsseldorf und spielte von 1978 bis 1980 als Schlagzeuger in der von ihm mitbegr\u00fcndeten Band Mittagspause. Seit [&#8230;]<\/p>\n<p><a class=\"btn btn-secondary understrap-read-more-link\" href=\"https:\/\/stoa169.com\/de\/stoa\/markus-oehlen\/\">Weiterlesen\u00a0\u2026<span class=\"screen-reader-text\"> from Markus Oehlen<\/span><\/a><\/p>\n","protected":false},"featured_media":0,"menu_order":78,"template":"","meta":{"_acf_changed":true},"tags":[],"class_list":["post-6338","stoa","type-stoa","status-publish","hentry"],"acf":[],"yoast_head":"<!-- This site is optimized with the Yoast SEO plugin v27.4 - https:\/\/yoast.com\/product\/yoast-seo-wordpress\/ -->\n<title>Markus Oehlen - STOA169<\/title>\n<meta name=\"robots\" content=\"index, follow, max-snippet:-1, max-image-preview:large, max-video-preview:-1\" \/>\n<link rel=\"canonical\" href=\"https:\/\/stoa169.com\/de\/stoa\/markus-oehlen\/\" \/>\n<meta property=\"og:locale\" content=\"de_DE\" \/>\n<meta property=\"og:type\" content=\"article\" \/>\n<meta property=\"og:title\" content=\"Markus Oehlen - STOA169\" \/>\n<meta property=\"og:description\" content=\"* 1956 in Krefeld, Deutschland lebt in M\u00fcnchen Von 1976 bis 1983 studierte Markus Oehlen an der Staatlichen Kunstakademie D\u00fcsseldorf in der Klasse von Prof. Alfonso H\u00fcppi. Er war von 1976 bis 1979 DJ im Ratinger Hof in D\u00fcsseldorf und spielte von 1978 bis 1980 als Schlagzeuger in der von ihm mitbegr\u00fcndeten Band Mittagspause. Seit [...]Weiterlesen\u00a0\u2026 from Markus Oehlen\" \/>\n<meta property=\"og:url\" content=\"https:\/\/stoa169.com\/de\/stoa\/markus-oehlen\/\" \/>\n<meta property=\"og:site_name\" content=\"STOA169\" \/>\n<meta property=\"article:publisher\" content=\"https:\/\/www.facebook.com\/stoa169stiftung\/\" \/>\n<meta property=\"article:modified_time\" content=\"2025-08-19T10:56:36+00:00\" \/>\n<meta property=\"og:image\" content=\"https:\/\/stoa169.com\/wp-content\/uploads\/2023\/08\/STOA169-Saeulenhalle-Columns-Hall-Polling_1200x630.png\" \/>\n\t<meta property=\"og:image:width\" content=\"1200\" \/>\n\t<meta property=\"og:image:height\" content=\"630\" \/>\n\t<meta property=\"og:image:type\" content=\"image\/png\" \/>\n<meta name=\"twitter:card\" content=\"summary_large_image\" \/>\n<meta name=\"twitter:label1\" content=\"Gesch\u00e4tzte Lesezeit\" \/>\n\t<meta name=\"twitter:data1\" content=\"2\u00a0Minuten\" \/>\n<script type=\"application\/ld+json\" class=\"yoast-schema-graph\">{\"@context\":\"https:\\\/\\\/schema.org\",\"@graph\":[{\"@type\":\"WebPage\",\"@id\":\"https:\\\/\\\/stoa169.com\\\/de\\\/stoa\\\/markus-oehlen\\\/\",\"url\":\"https:\\\/\\\/stoa169.com\\\/de\\\/stoa\\\/markus-oehlen\\\/\",\"name\":\"Markus Oehlen - STOA169\",\"isPartOf\":{\"@id\":\"https:\\\/\\\/stoa169.com\\\/de\\\/#website\"},\"datePublished\":\"2020-08-24T12:46:40+00:00\",\"dateModified\":\"2025-08-19T10:56:36+00:00\",\"breadcrumb\":{\"@id\":\"https:\\\/\\\/stoa169.com\\\/de\\\/stoa\\\/markus-oehlen\\\/#breadcrumb\"},\"inLanguage\":\"de\",\"potentialAction\":[{\"@type\":\"ReadAction\",\"target\":[\"https:\\\/\\\/stoa169.com\\\/de\\\/stoa\\\/markus-oehlen\\\/\"]}]},{\"@type\":\"BreadcrumbList\",\"@id\":\"https:\\\/\\\/stoa169.com\\\/de\\\/stoa\\\/markus-oehlen\\\/#breadcrumb\",\"itemListElement\":[{\"@type\":\"ListItem\",\"position\":1,\"name\":\"Startseite\",\"item\":\"https:\\\/\\\/stoa169.com\\\/de\\\/\"},{\"@type\":\"ListItem\",\"position\":2,\"name\":\"S\u00e4ulen\",\"item\":\"https:\\\/\\\/stoa169.com\\\/de\\\/stoa\\\/\"},{\"@type\":\"ListItem\",\"position\":3,\"name\":\"Markus Oehlen\"}]},{\"@type\":\"WebSite\",\"@id\":\"https:\\\/\\\/stoa169.com\\\/de\\\/#website\",\"url\":\"https:\\\/\\\/stoa169.com\\\/de\\\/\",\"name\":\"STOA169\",\"description\":\"Die K\u00fcnstlers\u00e4ulenhalle in Polling\",\"publisher\":{\"@id\":\"https:\\\/\\\/stoa169.com\\\/de\\\/#organization\"},\"potentialAction\":[{\"@type\":\"SearchAction\",\"target\":{\"@type\":\"EntryPoint\",\"urlTemplate\":\"https:\\\/\\\/stoa169.com\\\/de\\\/?s={search_term_string}\"},\"query-input\":{\"@type\":\"PropertyValueSpecification\",\"valueRequired\":true,\"valueName\":\"search_term_string\"}}],\"inLanguage\":\"de\"},{\"@type\":\"Organization\",\"@id\":\"https:\\\/\\\/stoa169.com\\\/de\\\/#organization\",\"name\":\"STOA169\",\"url\":\"https:\\\/\\\/stoa169.com\\\/de\\\/\",\"logo\":{\"@type\":\"ImageObject\",\"inLanguage\":\"de\",\"@id\":\"https:\\\/\\\/stoa169.com\\\/de\\\/#\\\/schema\\\/logo\\\/image\\\/\",\"url\":\"https:\\\/\\\/stoa169.com\\\/wp-content\\\/uploads\\\/2023\\\/08\\\/STOA169-Logo_kurz.png\",\"contentUrl\":\"https:\\\/\\\/stoa169.com\\\/wp-content\\\/uploads\\\/2023\\\/08\\\/STOA169-Logo_kurz.png\",\"width\":630,\"height\":630,\"caption\":\"STOA169\"},\"image\":{\"@id\":\"https:\\\/\\\/stoa169.com\\\/de\\\/#\\\/schema\\\/logo\\\/image\\\/\"},\"sameAs\":[\"https:\\\/\\\/www.facebook.com\\\/stoa169stiftung\\\/\",\"https:\\\/\\\/www.instagram.com\\\/stoa169stiftung\\\/\"]}]}<\/script>\n<!-- \/ Yoast SEO plugin. -->","yoast_head_json":{"title":"Markus Oehlen - STOA169","robots":{"index":"index","follow":"follow","max-snippet":"max-snippet:-1","max-image-preview":"max-image-preview:large","max-video-preview":"max-video-preview:-1"},"canonical":"https:\/\/stoa169.com\/de\/stoa\/markus-oehlen\/","og_locale":"de_DE","og_type":"article","og_title":"Markus Oehlen - STOA169","og_description":"* 1956 in Krefeld, Deutschland lebt in M\u00fcnchen Von 1976 bis 1983 studierte Markus Oehlen an der Staatlichen Kunstakademie D\u00fcsseldorf in der Klasse von Prof. Alfonso H\u00fcppi. Er war von 1976 bis 1979 DJ im Ratinger Hof in D\u00fcsseldorf und spielte von 1978 bis 1980 als Schlagzeuger in der von ihm mitbegr\u00fcndeten Band Mittagspause. Seit [...]Weiterlesen\u00a0\u2026 from Markus Oehlen","og_url":"https:\/\/stoa169.com\/de\/stoa\/markus-oehlen\/","og_site_name":"STOA169","article_publisher":"https:\/\/www.facebook.com\/stoa169stiftung\/","article_modified_time":"2025-08-19T10:56:36+00:00","og_image":[{"width":1200,"height":630,"url":"https:\/\/stoa169.com\/wp-content\/uploads\/2023\/08\/STOA169-Saeulenhalle-Columns-Hall-Polling_1200x630.png","type":"image\/png"}],"twitter_card":"summary_large_image","twitter_misc":{"Gesch\u00e4tzte Lesezeit":"2\u00a0Minuten"},"schema":{"@context":"https:\/\/schema.org","@graph":[{"@type":"WebPage","@id":"https:\/\/stoa169.com\/de\/stoa\/markus-oehlen\/","url":"https:\/\/stoa169.com\/de\/stoa\/markus-oehlen\/","name":"Markus Oehlen - STOA169","isPartOf":{"@id":"https:\/\/stoa169.com\/de\/#website"},"datePublished":"2020-08-24T12:46:40+00:00","dateModified":"2025-08-19T10:56:36+00:00","breadcrumb":{"@id":"https:\/\/stoa169.com\/de\/stoa\/markus-oehlen\/#breadcrumb"},"inLanguage":"de","potentialAction":[{"@type":"ReadAction","target":["https:\/\/stoa169.com\/de\/stoa\/markus-oehlen\/"]}]},{"@type":"BreadcrumbList","@id":"https:\/\/stoa169.com\/de\/stoa\/markus-oehlen\/#breadcrumb","itemListElement":[{"@type":"ListItem","position":1,"name":"Startseite","item":"https:\/\/stoa169.com\/de\/"},{"@type":"ListItem","position":2,"name":"S\u00e4ulen","item":"https:\/\/stoa169.com\/de\/stoa\/"},{"@type":"ListItem","position":3,"name":"Markus Oehlen"}]},{"@type":"WebSite","@id":"https:\/\/stoa169.com\/de\/#website","url":"https:\/\/stoa169.com\/de\/","name":"STOA169","description":"Die K\u00fcnstlers\u00e4ulenhalle in Polling","publisher":{"@id":"https:\/\/stoa169.com\/de\/#organization"},"potentialAction":[{"@type":"SearchAction","target":{"@type":"EntryPoint","urlTemplate":"https:\/\/stoa169.com\/de\/?s={search_term_string}"},"query-input":{"@type":"PropertyValueSpecification","valueRequired":true,"valueName":"search_term_string"}}],"inLanguage":"de"},{"@type":"Organization","@id":"https:\/\/stoa169.com\/de\/#organization","name":"STOA169","url":"https:\/\/stoa169.com\/de\/","logo":{"@type":"ImageObject","inLanguage":"de","@id":"https:\/\/stoa169.com\/de\/#\/schema\/logo\/image\/","url":"https:\/\/stoa169.com\/wp-content\/uploads\/2023\/08\/STOA169-Logo_kurz.png","contentUrl":"https:\/\/stoa169.com\/wp-content\/uploads\/2023\/08\/STOA169-Logo_kurz.png","width":630,"height":630,"caption":"STOA169"},"image":{"@id":"https:\/\/stoa169.com\/de\/#\/schema\/logo\/image\/"},"sameAs":["https:\/\/www.facebook.com\/stoa169stiftung\/","https:\/\/www.instagram.com\/stoa169stiftung\/"]}]}},"_links":{"self":[{"href":"https:\/\/stoa169.com\/de\/wp-json\/wp\/v2\/stoa\/6338","targetHints":{"allow":["GET"]}}],"collection":[{"href":"https:\/\/stoa169.com\/de\/wp-json\/wp\/v2\/stoa"}],"about":[{"href":"https:\/\/stoa169.com\/de\/wp-json\/wp\/v2\/types\/stoa"}],"wp:attachment":[{"href":"https:\/\/stoa169.com\/de\/wp-json\/wp\/v2\/media?parent=6338"}],"wp:term":[{"taxonomy":"post_tag","embeddable":true,"href":"https:\/\/stoa169.com\/de\/wp-json\/wp\/v2\/tags?post=6338"}],"curies":[{"name":"wp","href":"https:\/\/api.w.org\/{rel}","templated":true}]}}